{"id":409,"date":"2016-02-18T12:06:24","date_gmt":"2016-02-18T11:06:24","guid":{"rendered":"http:\/\/www.eva-schaefers.de\/?page_id=409"},"modified":"2026-04-06T19:27:09","modified_gmt":"2026-04-06T17:27:09","slug":"referenzen-2","status":"publish","type":"page","link":"https:\/\/www.eva-schaefers.de\/index.php\/referenzen-2\/","title":{"rendered":"Referenzen"},"content":{"rendered":"<p>[et_pb_section fb_built=&#8221;1&#8243; custom_padding_last_edited=&#8221;on|desktop&#8221; admin_label=&#8221;section&#8221; _builder_version=&#8221;4.16&#8243; background_color=&#8221;#ffffff&#8221; background_image=&#8221;http:\/\/www.eva-schaefers.de\/wp-content\/uploads\/2016\/02\/header05b.jpg&#8221; parallax=&#8221;on&#8221; custom_padding_tablet=&#8221;50px|0|50px|0&#8243; custom_padding_phone=&#8221;&#8221; transparent_background=&#8221;off&#8221; padding_mobile=&#8221;off&#8221; make_fullwidth=&#8221;off&#8221; use_custom_width=&#8221;off&#8221; width_unit=&#8221;on&#8221; global_colors_info=&#8221;{}&#8221;][et_pb_row admin_label=&#8221;row&#8221; _builder_version=&#8221;4.16&#8243; background_size=&#8221;initial&#8221; background_position=&#8221;top_left&#8221; background_repeat=&#8221;repeat&#8221; global_colors_info=&#8221;{}&#8221;][et_pb_column type=&#8221;4_4&#8243; _builder_version=&#8221;4.16&#8243; custom_padding=&#8221;|||&#8221; global_colors_info=&#8221;{}&#8221; custom_padding__hover=&#8221;|||&#8221;][et_pb_text admin_label=&#8221;bild&#8221; _builder_version=&#8221;4.16&#8243; background_size=&#8221;initial&#8221; background_position=&#8221;top_left&#8221; background_repeat=&#8221;repeat&#8221; use_border_color=&#8221;off&#8221; border_color=&#8221;#ffffff&#8221; border_style=&#8221;solid&#8221; global_colors_info=&#8221;{}&#8221;]&nbsp;<\/p>\n<p>&nbsp;<\/p>\n<p>&nbsp;<\/p>\n<p>&nbsp;<\/p>\n<p>&nbsp;<br \/>\n[\/et_pb_text][\/et_pb_column][\/et_pb_row][\/et_pb_section][et_pb_section fb_built=&#8221;1&#8243; custom_padding_last_edited=&#8221;on|desktop&#8221; admin_label=&#8221;section&#8221; _builder_version=&#8221;4.16&#8243; background_color=&#8221;#ffffff&#8221; custom_padding_tablet=&#8221;50px|0|50px|0&#8243; custom_padding_phone=&#8221;&#8221; transparent_background=&#8221;off&#8221; padding_mobile=&#8221;off&#8221; make_fullwidth=&#8221;off&#8221; use_custom_width=&#8221;off&#8221; width_unit=&#8221;on&#8221; global_colors_info=&#8221;{}&#8221;][et_pb_row _builder_version=&#8221;4.27.5&#8243; background_size=&#8221;initial&#8221; background_position=&#8221;top_left&#8221; background_repeat=&#8221;repeat&#8221; global_colors_info=&#8221;{}&#8221;][et_pb_column type=&#8221;4_4&#8243; _builder_version=&#8221;4.16&#8243; custom_padding=&#8221;|||&#8221; global_colors_info=&#8221;{}&#8221; custom_padding__hover=&#8221;|||&#8221;][et_pb_text _builder_version=&#8221;4.27.5&#8243; _module_preset=&#8221;default&#8221; global_colors_info=&#8221;{}&#8221;]<\/p>\n<h2><strong>2026<\/strong><\/h2>\n<p><strong>General-Anzeiger Bonn<\/strong><\/p>\n<ul>\n<li>Steven Uhly: Death Valley. Roman. Secession \u2013 Journal, 31.1.\/1.2.2026<\/li>\n<\/ul>\n<p><strong>Die Zeit<\/strong><\/p>\n<ul>\n<li>Colin Barrett: Wilde H\u00e4user. Roman. Steidl \u2013 erscheint demn\u00e4chst<\/li>\n<\/ul>\n<h2><strong>2025<\/strong><\/h2>\n<p><strong>General-Anzeiger Bonn *<\/strong><\/p>\n<ul>\n<li>Hilmar Klute: <em>Im Traum suche ich immer das Weite<\/em> \u2013 \u00a014.\/14.9.2025<\/li>\n<li>Juan Pablo Villalobos: Das Alibi \u2013 6.\/.9.2025<\/li>\n<li>William Middleton: <em>Paradise Now. Das au\u00dfergew\u00f6hnliche Leben des Karl Lagerfeld<\/em>. Biografie\u2013 19.\/20.7.2025<\/li>\n<li>Chimamanda Ngozi Adichie: <em>Dream Count<\/em> \u2013 5.\/6.7.2025<\/li>\n<li>Isabella Straub: <em>Nullzone<\/em> \u2013 14.\/15.6.2025<\/li>\n<li>Joachim Meyerhoff: <em>Man kann auch in die H\u00f6he fallen<\/em> \u2013 15.\/16.6.2025<\/li>\n<li>Anuschka Roshani: <em>Truboy<\/em> \u2013 22.\/23.2.2025<\/li>\n<li>Maren Gottschalk: <em>Jenseits der Ngong Berge<\/em>. Romanbiografie \u00fcber Tania Blixen \u2013 8.\/9.2.2025<\/li>\n<li>Rachel Eliza Griffiths: <em>Was ihr uns versprochen habt<\/em> \u2013 8.\/9.2.2025<\/li>\n<\/ul>\n<p>*Alle Artikel erschienen im \u201eJournal\u201c<\/p>\n<p><strong>bestattungskultur<\/strong><\/p>\n<ul>\n<li>Rodrigo Garc\u00eda: <em>Abschied von Gabo und Mercedes<\/em> \u2013 1\/2025<\/li>\n<\/ul>\n<h2><strong>2024<\/strong><\/h2>\n<p><strong>Die Zeit<\/strong><\/p>\n<ul>\n<li>Thilo Wydra: <em>Eine Liebe f\u00fcrs Leben.<\/em> <em>Alma &amp; Alfred Hitchcock<\/em> \u2013 21.11.2024<\/li>\n<li>Jens Andersen: <em>Tove Ditlevsen. Ihr Leben<\/em> \u2013 18.1.2024<\/li>\n<\/ul>\n<p><strong>General-Anzeiger Bonn<\/strong><\/p>\n<ul>\n<li>Anne Tyler: <em>Drei Tage im Juni<\/em> \u2013 14.\/15.12.2024<\/li>\n<li>Manfred Krug: <em>Ich beginne wieder von vorn. Tageb\u00fccher 2000-2001<\/em> \u2013 26.\/27.10.2024<\/li>\n<li>Una Mannion: <em>Sag mir, was ich bin<\/em> \u2013 12.\/12.10.2024<\/li>\n<li>Hark Bohm &amp; Philipp Winkler: <em>Amrum<\/em> \u2013 27.\/28.7.2024<\/li>\n<li>Sasa Stanisic: <em>M\u00f6chte die Witwe angesprochen werden, platziert sie auf dem Grab die Gie\u00dfkanne mit dem Ausguss nach vorne<\/em> \u2013 10\/11.8.2024<\/li>\n<li>Nicole Henneberg: <em>Gabriele Tergit<\/em> \u2013 20.7.2024<\/li>\n<li>Rodrigo Garc\u00eda: <em>Abschied von Gabo und Mercedes<\/em> \u2013 15.\/16.6.2024<\/li>\n<li>Sarah Kirsch: Der Sommer f\u00e4ngt doch so an. Tagebuch 1990 \u2013 4.\/5.5.2024<\/li>\n<li>Jens Andersen: <em>Tove Ditlevsen. Ihr Leben<\/em> \u2013 23.\/24.3.2024<\/li>\n<li>Edna o\u2019Brien: Die kleinen roten St\u00fchle \u2013 6.\/7.1.2024<\/li>\n<\/ul>\n<p><strong>Raum 5 \u2013 Design Guide K\u00f6ln\/Bonn (eine Beilage der K\u00f6lner Stadtrevue)<\/strong><\/p>\n<ul>\n<li><em>\u201eAlles erz\u00e4hlt eine Geschichte.\u201c<\/em>. Die K\u00fcnstler*innen Feli &amp; Pepita, haben ein Haus in [K\u00f6ln] Lindenthal umgebaut. <strong>Herbst\/Winter 2024<\/strong><\/li>\n<\/ul>\n<p><strong>bestattungskultur<\/strong><\/p>\n<ul>\n<li>Louise Kennedy: <em>\u00dcbertretung<\/em> \u2013 \u00a05\/2024<\/li>\n<li>Richard Ford: <em>Valentinstag<\/em> \u2013 1\/2024<\/li>\n<\/ul>\n<h2><strong>2023<\/strong><\/h2>\n<p><strong>General-Anzeiger Bonn\u00a0\u00a0\u00a0\u00a0\u00a0\u00a0\u00a0\u00a0\u00a0 <\/strong><\/p>\n<ul>\n<li>Louise Kennedy: <em>\u00dcbertretung<\/em> \u2013 11.\/12.2023<\/li>\n<li>Richard Ford: <em>Valentinstag<\/em> \u2013 26.\/27.8.2023<\/li>\n<li>Anna von Planta (Hg.): <em>Schwesterherz. Geschichten \u00fcber lebenslange Schwesternbande<\/em> \u2013 8.\/.7.2023<\/li>\n<li>Gabriela Garcia: <em>Von Frauen und Salz<\/em> \u2013 27.\/28.5.2023<\/li>\n<li>Monika Czernin &amp; Melissa M\u00fcller: <em>Picassos Friseur<\/em><em>. Die Geschichte einer Freundschaft<\/em> \u2013 13.\/14.5.2023<\/li>\n<li>Sandra Kegel (Hg.): \u201eDie Milch kroch ihr k\u00fchl und schl\u00e4frig die Kehle hinab\u201c.<\/li>\n<li><em>Prosaische Passionen. Die weibliche Moderne in 101 Short Storys<\/em> \u2013 15.\/16.4.2023<\/li>\n<li>Manfred Krug: <em>Ich bin zu zart f\u00fcr diese Welt. Tageb\u00fccher1998-1999<\/em> \u2013 1.\/2.4.2023<\/li>\n<li>Irina Kilimnik: <em>Sommer in Odessa<\/em> \u2013 4.\/5.3.2023<\/li>\n<li>Claudius Seidl: <em>Helmut Dietl. Der Mann im wei\u00dfen Anzug. Die Biographie<\/em> \u2013 14.\/15.1.2023<\/li>\n<\/ul>\n<h2><strong>2022<\/strong><\/h2>\n<p><strong>General-Anzeiger Bonn<\/strong><\/p>\n<ul>\n<li>Jennifer Egan: <em>Candy Haus<\/em> \u2013 19.\/20.11.2022<\/li>\n<li>Patricia Highsmith: <em>Tage- und Notizb\u00fccher<\/em> \u201312.3.2022<\/li>\n<\/ul>\n<h2><strong>2021<\/strong><\/h2>\n<p><strong>Neue Z\u00fcrcher Zeitung<\/strong><\/p>\n<ul>\n<li>Mona Horncastle: <em>Josephine Baker. Weltstar, Freiheitsk\u00e4mpferin, Ikone<\/em> \u2013 \u00a07.1.2021<\/li>\n<\/ul>\n<h2><strong>2020<\/strong><\/h2>\n<p><strong>Westf\u00e4lischer Anzeiger<\/strong><\/p>\n<ul>\n<li>Elfriede Jelinik: Wut. Insz.: Ersan Montag. Schauspiel K\u00f6ln \u2013 2.10.2020<\/li>\n<li><em>Carl<\/em> <em>Sternheim. Werkschau. Insz.: <\/em>Frank Castorf. K\u00f6ln \u2013 23.1.2020<\/li>\n<\/ul>\n<p><strong>Die Welt<\/strong><\/p>\n<ul>\n<li>Anne Enright: <em>Die Schauspielerin<\/em> \u2013 4.4.2020<\/li>\n<\/ul>\n<p><strong>Tageszeitung<\/strong><\/p>\n<ul>\n<li>James No\u00ebl: <em>Was f\u00fcr ein Wunder<\/em> \u2013 \u00a08.7.2020<\/li>\n<\/ul>\n<p><strong>bestattungskultur<\/strong><\/p>\n<ul>\n<li>Caitlin Doughty: <em>Wo die Toten tanzen. Sachbuch \u00fcber<\/em> Bestattungsriten in fernen L\u00e4ndern \u2013\u00a0 2\/2020<\/li>\n<\/ul>\n<h2><strong>2019<\/strong><\/h2>\n<p><strong>Westf\u00e4lischer Anzeiger<\/strong><\/p>\n<ul>\n<li><em>Nach Viscontis Film \u201eDie Verdammten\u201c. Insz.: Ersan Montag. K\u00f6ln<\/em> \u2013 18.12.2019<\/li>\n<li><em>Eugene o\u2019Neill<\/em>: Eines langen Tages Reise in die Nacht. Insz.: Luc Perceval \u2013 K\u00f6ln 23.11.2019<\/li>\n<li><em>Daniel Kehlmann: Die Reise der Verlorenen. Insz.: Rafael Sanchez. EA<\/em>. K\u00f6ln \u2013 15.11.2019<\/li>\n<li><em>Rudyard Kipling: Das Dschungelbuch. Insz.: Robert Wilson<\/em>. D\u00fcsseldorfer Schauspielhaus \u2013 30.10.2019<\/li>\n<li><em>Martin Crimp: Alles Weitere kennen Sie aus dem Kino. Insz.: Lily Sykes<\/em>. K\u00f6ln\u2013 28.3.2019<\/li>\n<li><em>Friedrich Schiller: Die R\u00e4uber. Insz.: Ersan Montag<\/em> \u2013 28.3.2019<\/li>\n<li><em>Der V\u00f6lkermord an den Herero<\/em> auf der B\u00fchne. Theaterprojekt. Insz.: Nuran David Calis\u2013 23.3.2019<\/li>\n<\/ul>\n<p><strong>bestattungskultur<\/strong><\/p>\n<ul>\n<li>Roland Schulz: <em>So sterben wir. Unser Ende und was wir dar\u00fcber wissen sollten<\/em> \u2013 10\/2019<\/li>\n<\/ul>\n<h2><strong>2018<\/strong><\/h2>\n<p><strong>Westf\u00e4lischer Anzeiger<\/strong><\/p>\n<ul>\n<li><em>Fjodor Dostojewski: Ein gr\u00fcner Junge<\/em>. Insz.: Frank Castorf\u2013 6.11.2018<\/li>\n<li><em>Daniel Kehlmann: Tyll<\/em>. Insz.: Stefan Bachmann \u2013 2.10.2018<\/li>\n<li><em>Olga Bach\/Ersan Mondtag: Die Vernichtung: Insz., B\u00fchne, Kost\u00fcme: Ersan Mondtag<\/em> \u2013 27.9.2018<\/li>\n<li><em>Sibylle Berg: Wonderland Ave.<\/em> Insz.: Ersan Mondtag\u2013 25.6.2018<\/li>\n<li><em>Cervantes: Don Quijote. Insz.: Simon Solberg<\/em> \u2013 13.6.2018<\/li>\n<li><em>Woody Allan: Gott<\/em>. Insz.: Moritz Sostmann \u2013 20.4.2018<\/li>\n<li>Claire Keegan: Liebe im hohen Gras. Gesammelte Erz\u00e4hlungen \u2013 6.4.2018<\/li>\n<li>Virginia Woolf: <em>Freshwater<\/em>. Theaterst\u00fcck \u2013 14.2.2018<\/li>\n<\/ul>\n<ul><\/ul>\n<p><strong>General-Anzeiger Bonn<\/strong><\/p>\n<ul>\n<li>Gabriele Tergit: <em>Etwas Seltenes \u00fcberhaupt. Erinnerungen<\/em> \u2013 17.11.2018<\/li>\n<li>Tanja Maljartschuk: <em>Biografie eines zuf\u00e4lligen Wunders<\/em> \u2013 21.\/22.7.2018<\/li>\n<li>Klaus Siblewski: <em>Der Gelegenheitskritiker<\/em> \u2013 3.\/4.2.2018<\/li>\n<\/ul>\n<p><strong>bestattungskultur<\/strong><\/p>\n<ul>\n<li><em>Letzte Weihnachtsgeschenke?<\/em> B\u00fccher zum Thema Tod und Trauer (von Anuschka Roshani, Helen Macdonald und Esther Kinsky \u2013 12\/2018)<\/li>\n<li>Richard Ford: <em>Zwischen Ihnen. [Erinnerungen an seine verstorbenen Eltern]<\/em> \u2013 10\/2018<\/li>\n<li>Max Porter: <em>Trauer ist das Ding mit Federn<\/em> \u2013 9\/2018<\/li>\n<li>Iris Radisch: <em>Die letzten Dinge<\/em>. <em>Lebensendgespr\u00e4che [u.a. mit Amos Oz, Sarah Kirsch und George Tabori] <\/em>\u2013 7\/2018<\/li>\n<\/ul>\n<h2><strong>2017<\/strong><\/h2>\n<p><strong>General-Anzeiger Bonn<\/strong><\/p>\n<ul>\n<li>Isabella Rossellini: <em>Meine H\u00fchner und ich<\/em> [Bildband] \u2013 29.\/30.4.2017<\/li>\n<li>Patrick McGinley: <em>Bogmail<\/em> \u2013 28.\/29.1.2017<\/li>\n<\/ul>\n<p><strong>\u00a0<\/strong><strong>Westf\u00e4lischer Anzeiger<\/strong><\/p>\n<ul>\n<li>Lukas B\u00e4rfuss: <em>Frau Schmitz. DE. Insz.: Rafael Sanchez<\/em> \u2013 7.10.2017<\/li>\n<li>Ibsen: Peer Gynt. Insz.: Stefan Bachmann \u2013 30.9.2017<\/li>\n<\/ul>\n<p><strong>S\u00fcddeutsche Zeitung<\/strong><\/p>\n<p>Maeve Brennan: S\u00e4mtliche Erz\u00e4hlungen. Band 1: Dubliner Geschichten.<\/p>\n<p>Band 2: New Yorker Geschichten \u2013 27.6.2017<\/p>\n<p>Sebastian Barry: Gentleman auf Zeit \u2013 6.7.2017<\/p>\n<p>Edna o\u2019Brien: Die kleinen roten St\u00fchle \u2013 2.\/3.10.2017<\/p>\n<h2><strong>2016<\/strong><\/h2>\n<p><strong>S\u00fcddeutsche Zeitung<\/strong><\/p>\n<p>Connie Palmen: Du sagst es. Roman \u00fcber die Beziehung zwischen Sylvia Plath und Ted Hughes \u2013 18.10.2016<\/p>\n<p>Colin Barrett: Junge W\u00f6lfe. Stories \u2013 25.5.2016<\/p>\n<p>\u00a0<strong>Westf\u00e4lischer Anzeiger<\/strong><\/p>\n<p><strong>\u00a0<\/strong>Tschechow: Iwanow. Insz.: Robert Borgmann. K\u00f6ln \u2013 17.12.2016<\/p>\n<p>\u00a0Anders Thomas Jensen: Adams \u00c4pfel. Insz.: Therese Willstedt. K\u00f6ln \u2013 23.11.2016<\/p>\n<p>\u00a0Botho Strau\u00df: Gro\u00df und Klein. Insz.: Lilja Rupprecht. K\u00f6ln \u2013 21.10.2016<\/p>\n<p>\u00a0Else Lasker-Sch\u00fcler: Die Wupper. Insz.: Roberto Ciulli. Theater an der Ruhr \u2013 16.2.2016<\/p>\n<h2>\u00a0<strong>2015<\/strong><\/h2>\n<p><strong>S\u00fcddeutsche Zeitung<\/strong><\/p>\n<p>\u00a0Bis Taxis mit Narzissen tanzen<\/p>\n<p><em>Virginia Woolfs \u00dcberlegungen zur modernen Lyrik<\/em><\/p>\n<p>4.August 2015<\/p>\n<p><strong>\u00a0<\/strong><strong>bestattungskultur<\/strong><\/p>\n<p><strong>\u00a0<\/strong>\u201eJean, ich komme!\u201c Ber\u00fchmte Sterbeszenen in der Literatur<\/p>\n<p>1\/2024, S.20\/21<\/p>\n<h2><strong>\u00a0<\/strong><strong>2014<\/strong><\/h2>\n<p><strong>S\u00fcddeutsche Zeitung<\/strong><\/p>\n<p>\u00b0 Wappne dein Herz mit Geduld<\/p>\n<p><em>Eindr\u00fccke vom Lyrik-Festival \u201ePoetic Voices Africa\u201c in K\u00f6ln<\/em><\/p>\n<p>27.5.2014<\/p>\n<p>\u00b0 Audienz im Morgenmantel<\/p>\n<p><em>Jens Rostecks gut recherchierte, kluge und angenehm zur\u00fcckhaltende <\/em><\/p>\n<p><em>Biographie \u00fcber Edith Piaf<\/em><\/p>\n<p>2.1.2014<\/p>\n<p><strong>Ber\u00fchrungspunkte. Magazin der Kommunikationsagentur <em>gambit<\/em><\/strong><\/p>\n<p>Portrait der Fotografin Ingrid von Kruse.<\/p>\n<p>Venedigs Morbidit\u00e4t und k\u00fchne Vision\u00e4re moderner Architektur.<\/p>\n<p>Zwischen Gespr\u00e4chen und Schweigen und Stille<\/p>\n<p><strong>Westf\u00e4lischer Anzeiger<\/strong><\/p>\n<p>Lars von Trier: Dogville. Insz.: Bastian Kraft. K\u00f6ln \u2013 17.9.2014<\/p>\n<p>Sibylle Berg: Viel gut essen. Insz.: Rafael Sanchez. K\u00f6ln &#8211; 6.11.2014<\/p>\n<p>Heinrich von Kleist: Das K\u00e4thchen von Heilbronn. Insz.: Stefan Bachmann \u2013<\/p>\n<p>K\u00f6ln, 22.10.2024<\/p>\n<p>Moli\u00e8re: Der Menschenfeind. Insz.: Moritz Sostmann. K\u00f6ln, ohne Datum<\/p>\n<p>Tschechow: Auf der gro\u00dfen Stra\u00dfe. Insz.: Roberto Ciulli.<\/p>\n<p>Theater an der Ruhr \u2013 24.3.2014<\/p>\n<p>Dante: G\u00f6ttliche Kom\u00f6die. Insz.: Sebastian Baumgarten. K\u00f6ln \u2013 22.4.2014<\/p>\n<h2><strong>2013<\/strong><\/h2>\n<p><strong>Westf\u00e4lischer Anzeiger<\/strong><\/p>\n<p>Fritz Lang: Metropolis. Insz.: Jan Christoph Gockel. Theater Bonn \u2013 15.11.2013<\/p>\n<p>Ayn Rand: Der Streik. Insz.: Stefan Bachmann. K\u00f6ln \u2013 17.10.2013<\/p>\n<p><strong>Bildung Soziales Kultur. Wissenschaftsladen Bonn<\/strong><\/p>\n<p>Tipps f\u00fcr 50-plus- Bewerber: Interview mit Frau von dem Bussche<\/p>\n<p>Heft 29\/2013<\/p>\n<h2><strong>2012<\/strong><\/h2>\n<p><strong>S\u00fcddeutsche Zeitung<\/strong><\/p>\n<p>Christa M\u00e4rker: Wir haben uns verzweifelt geliebt! Elizabeth Taylor und Richard Burton<\/p>\n<p>Sam Kushner und Nancy Schoenberger: Furious Love. Elizabeth Taylor und Richard Burton. Die Liebesgeschichte des Jahrhunderts. Doppelrezension \u2013 16.4.2012<\/p>\n<p>Michaela Karl: Wir brechen die 10 Gebote und uns den Hals.<\/p>\n<p>Zelda und Scott F. Fitzgerald. Eine Biographie \u2013 Ostern, 7.\/8.9.4.2012<\/p>\n<p>Friedrich Buchmayr: Madame Strindberg oder die Faszination der Boheme. Biografie \u00fcber das Leben von Frida Strindberg, geb. Uhl \u2013 28.3.2012<\/p>\n<p>Sam Wasson: Verlieben Sie sich nie in ein wildes Gesch\u00f6pf. Audrey Hepburn und \u201eFr\u00fchst\u00fcck bei Tiffany\u201c \u2013 10.1.2012<\/p>\n<p><strong>Westf\u00e4lischer Anzeiger<\/strong><\/p>\n<p>Suse W\u00e4chter: Der Abend aller Tage. Schauspiel mit Puppen \u2013 8.11.2012<\/p>\n<p>Gerhard Hauptmann: Die Ratten. Insz.: Karin Henkel. K\u00f6ln &#8211; 26.10.2012<\/p>\n<p>Joshua Sobol: S\u00fcnder. DE. Insz.: David Mouchtar-Samorai.<\/p>\n<p>Bonn \u2013 12.10.2012<\/p>\n<p>Dostojewski: Der Idiot. Insz.: Karin Henkel. K\u00f6ln \u2013 11.5.2012<\/p>\n<p>Simon Stephens: Wastwater. Regie Dieter Giesing. DE.K\u00f6ln \u2013 11.5.20212<\/p>\n<h2><strong>2012<\/strong><\/h2>\n<p><strong>S\u00fcddeutsche Zeitung<\/strong><\/p>\n<p>Pockengesicht und Miss Tits<\/p>\n<p><em>Zwei neue Biographien \u00fcber das skandal\u00f6se Hollywood-Traumpaar <\/em><\/p>\n<p><em>Liz Taylor und Richard Burton<\/em><\/p>\n<p>16.4.2012<\/p>\n<p>Pretiosen mit Tomatensauce<\/p>\n<p><em>Glamourpaar im Rosenkrieg: Eine Doppel-Biographie \u00fcber das Ehepaar <\/em><\/p>\n<p><em>Zelda und F.Scott Fitzgerald<\/em><\/p>\n<p>Ostern, 7.4.2012<\/p>\n<p>Eine legend\u00e4re Fehlbesetzung<\/p>\n<p><em>Sam Wassons ebenso am\u00fcsantes wie aufschlussreiches Buch \u00fcber Audrey Hepburn blickt hinter die Kulissen von \u201eFr\u00fchst\u00fcck bei Tiffany\u201c<\/em><\/p>\n<p>10.1.2012<\/p>\n<p>Meine sch\u00f6ne Gef\u00e4ngnisw\u00e4rterin<\/p>\n<p><em>Friedrich Buchmayrs lesenswerte Biographie \u00fcber Frida Strindberg, <\/em><\/p>\n<p><em>einer Frau, die ihrer Zeit voraus war<\/em><\/p>\n<p>28.3.2012<\/p>\n<h2><strong>2011<\/strong><\/h2>\n<p><strong>\u00a0<\/strong><strong>S\u00fcddeutsche Zeitung<\/strong><strong>\u00a0<\/strong><\/p>\n<p>Streiten, schwadronieren, k\u00e4mpfen<\/p>\n<p><em>Das wilde, traurige und fr\u00f6hliche Leben der Schriftstellerin und <\/em><\/p>\n<p><em>Theaterkritikerin Dorothy Parker<\/em><\/p>\n<p>16.8.2011<\/p>\n<h2><strong>2011<\/strong><\/h2>\n<p><strong>Westf\u00e4lischer Anzeiger<\/strong><\/p>\n<p>Mike Bartlett: Erdbeben in London. Regie: Johannes Lepper. DE.<\/p>\n<p>Bonn \u2013 28.10.2011<\/p>\n<p>Elfriede Jelinek: Kein Licht. Regie: Karin Beier. K\u00f6ln \u2013 6.10.2011<\/p>\n<p>Der entfesselte Fidelio. Theater-Opernprojekt im Landesbeh\u00f6rdenhaus.<\/p>\n<p>Regie: Klaus Weise. Theater Bonn \u2013 1.10.2011<\/p>\n<p>Federico Bellini u.a.: Mamma Mafia. Regie: Antonio Latella.<\/p>\n<p>K\u00f6ln &#8211; WA 17.5.2011<\/p>\n<p>Andr\u00e1s Vinnai: Der Mann am Tisch 2. Regie: Viktor Bod\u00f3.<\/p>\n<p>Mit der Sputnik Shipping Company Budapest. K\u00f6ln \u2013 4.5.2011<\/p>\n<p>Nach Franz Kafka: Die Hundsprozesse. UA. Konzept und Regie: Signa K\u00f6stler, Arthur K\u00f6stler, Thomas Bo Nilsson. Text: Signa K\u00f6stler. Immersives Theater. K\u00f6ln \u2013 26.4.2011<\/p>\n<p>Iwan Gontscharoff: Oblomow (Nach dem Roman). Regie: Alvis Hermanis K\u00f6ln &#8211; 24.2.2011<\/p>\n<p>Lothar Kittstein: B\u00f6ses M\u00e4dchen. Regie: Michael Lippold. Bonn \u2013 5.2.2011<\/p>\n<p>Anton Tschechow: Der Kirschgarten. Regie: Karin Henkel. K\u00f6ln \u2013 2.1.2011<\/p>\n<p><strong>S\u00fcddeutsche Zeitung<\/strong><\/p>\n<p>Michaela Karl: Noch ein Martini und ich lieg unterm Gastgeber. Dorothy Parker<\/p>\n<p>Biografie \u2013 16.8.2011<\/p>\n<h2><strong>2010<\/strong><\/h2>\n<p><strong>Westf\u00e4lischer Anzeiger<\/strong><\/p>\n<p>Elfriede Jelinek: Das Werk. Im Bus. Ein Sturz. Regie Karin Beier.<\/p>\n<p>K\u00f6ln- 6.10.2010<\/p>\n<p>Andrew Bovell: Das Ende des Regens.\u00a0 DE. Inszenierung: Klaus Weise. Bonn \u2013 28.12.2010<\/p>\n<p>Suse W\u00e4chter: Agrippina \u2013 die Kaiserin aus K\u00f6ln. Regie und<\/p>\n<p>Puppenspiel: Suse W\u00e4chter. UA. Theater K\u00f6ln \u2013 Dezember 2010<\/p>\n<p>Christoph Nu\u00dfbaumeder: Die Kunst des Fallens. Regie: Katja Lauken.<\/p>\n<p>K\u00f6ln \u2013 16.6.2010<\/p>\n<p>Das Theaterkollektiv: Revolution Now. Gastspiel \u00a0in K\u00f6ln \u2013 3.7.2010<\/p>\n<p>Nach Heinrich B\u00f6lls Roman: Billard um halb zehn. Inszenierung:<\/p>\n<p>Anna Viebrock. Titel wozuwozuwozu. Theater K\u00f6ln \u2013 24.4.2010<\/p>\n<p>Marina Carr: In Marmor. Regie: Klaus Weise. DE. Theater Bonn \u2013 17.4.2010<\/p>\n<p>Ettore Scola: Die Schmutzigen, die H\u00e4sslichen und die Gemeinen. UA nach dem gleichnamigen Film. Regie: Karin Beier \u2013 Januar 2010<\/p>\n<p><strong>Rheinischer Merkur<\/strong><\/p>\n<p>Der B\u00fchnenarbeiter. Termin mit Manfred Beilharz, Intendant des Hessischen Staatstheaters Wiesbaden. Portr\u00e4t \u2013 Nr. 45\/2010<\/p>\n<p>Die Hausherrin. \u00dcber die K\u00f6lner Intendantin Karin Beier. Portr\u00e4t \u2013 Nr. 39\/2010<\/p>\n<p>[Da der Rheinische Merkur im November 2010 eingestellt wurde, konnte ich meinen Plan, eine Serie \u00fcber deutsche Intendanten zu entwickeln, leider nicht fortsetzen]<\/p>\n<p>\u00dcber das Online-Magazin Good-stories.de, konzipiert und umgesetzt von Silvia Meixner \u2013 Nr.18\/2010<\/p>\n<p>[Auch in der Berliner Zeitung unter \u201eNur gute Nachrichten. Auch mit wenigen Mitteln kann ein erfolgreiches Start-up-Unternehmen entstehen \u2013 Print, online 12.6.2010 und<\/p>\n<p>in der Zeitung Arbeitsmarkt. Bildung, Soziales, Kultur, hrsg. vom Wissenschaftsladen Bonn unter \u201eGood Stories als Start-up \u2013 Nr.23\/2010]<\/p>\n<h2><strong>2009<\/strong><\/h2>\n<p><strong>\u00a0<\/strong><\/p>\n<p><strong>Westf\u00e4lischer Anzeiger<\/strong><\/p>\n<p><strong>\u00a0<\/strong><\/p>\n<p>\u00d6don von Horv\u00e1th: Kasimir und Karoline. Regie: Johan Simons.<\/p>\n<p>K\u00f6ln \u2013 23.12.2009<\/p>\n<p>&nbsp;<\/p>\n<p>Istv\u00e1n Tasp\u00e1di: Transit. Regie: Victor Bod\u00f2. K\u00f6ln \u2013 28.10.2009<\/p>\n<p>&nbsp;<\/p>\n<p>Shakespeare: King Lear. Regie: Karin Beier. K\u00f6ln \u2013 30.9.2009<\/p>\n<p>&nbsp;<\/p>\n<p>Peter Michalzik. Die sind ja nackt. Gebrauchsanweisung f\u00fcrs Theater.<\/p>\n<p>Dumont.\u00a0 30.9.2009 [Buchbesprechung)<\/p>\n<p>&nbsp;<\/p>\n<p>Richard Dresser: Blick auf den Hafen. DE. Regie: Klaus Weise.<\/p>\n<p>Bonn\u2013 6.6.2009<\/p>\n<p>&nbsp;<\/p>\n<p>Polly Stenham: That Face. DE. Bonn. Regie: Jens Kerbel \u2013 20.6.2009<\/p>\n<p>&nbsp;<\/p>\n<p>Isaac Bashevis Singer: Geschichten. Regie: Alvis Hermanis. K\u00f6ln \u2013 30.4.2009<\/p>\n<p>&nbsp;<\/p>\n<p>K\u00fcnstlergruppe Signa: Hades Fraktur. Schauspiel K\u00f6ln im Hotel Timp. Performance. Immersives Theater \u2013 15.4.2009<\/p>\n<p>&nbsp;<\/p>\n<p>Schorschun Kamerun: M.S. Adenauer. Eine antiautorit\u00e4re Staatsoper. Inszen. : Schorsch Kamerun, K\u00f6ln \u2013 12.3.2009<\/p>\n<p>&nbsp;<\/p>\n<p>Anna Viebrock: Der letzte Riesenalk. UA. K\u00f6ln, Insz. Anna Viebrock \u2013 19.2.2009<\/p>\n<p>&nbsp;<\/p>\n<p>Sibylle Berg: Die goldenen letzten Jahre. Regie Schirin Khodadian. UA. Bonn \u2013 6.3.2009<\/p>\n<p>&nbsp;<\/p>\n<p>Hans Jakob Chrisofftel von Grimmelshausen: Der abenteuerliche Simplizissimus Teutsch. Regie.: Thomas Dannemann. K\u00f6ln \u2013 23.1.2009<\/p>\n<p>&nbsp;<\/p>\n<p>&nbsp;<\/p>\n<p><strong>Rheinischer Merkur<\/strong><\/p>\n<p><strong>\u00a0<\/strong><\/p>\n<p>Kulturreportage. \u201eIrgendwie geht\u2019s immer\u201c. \u00dcber das Thema \u201eWie kann man als K\u00fcnstler \u00fcberleben\u201c.<\/p>\n<p>\u00dcber den Schauspieler Hanno Friedrich und den Schriftsteller Jochen Schimmang \u2013 Nr. 46\/2009<\/p>\n<p><strong>\u00a0<\/strong><\/p>\n<p><strong>2008<\/strong><\/p>\n<p>&nbsp;<\/p>\n<p><strong>Westf\u00e4lischer Anzeiger<\/strong><\/p>\n<p>&nbsp;<\/p>\n<p>Neil La Bute: Der Gro\u00dfe Krieg. Drei Einakter. UA. Regie: Jennifer Whigham. Bonn \u2013 20.12.2008<\/p>\n<p>&nbsp;<\/p>\n<p>Franz Xaver Kroetz: Wunschkonzert. Regie: Katie Mitchell.<\/p>\n<p>K\u00f6ln \u2013 17.12.2008<\/p>\n<p>&nbsp;<\/p>\n<p>Fabrice Melquiot: Tasmanien. UA. Regie Klaus Weise.<\/p>\n<p>Bonn \u2013 4.10.2008<\/p>\n<p>&nbsp;<\/p>\n<p>Nach Viscontis Film: Der Fall der G\u00f6tter. Regie Karin Henkel.<\/p>\n<p>D\u2019dorfer Schauspielhaus 1.10.2008<\/p>\n<p>&nbsp;<\/p>\n<p>Franz Grillparzer: Gastfreundschaft. Trilogie: Das goldene Vlies, Die Argonauten. Medea. Regie: Karin Beier. K\u00f6ln \u2013 16.5.2008<\/p>\n<p>&nbsp;<\/p>\n<p>Nuran David Calis: Stunde Null. Regie Nuran David Calis.<\/p>\n<p>Theaterprojekt. K\u00f6ln \u2013 1.5.2008<\/p>\n<p>&nbsp;<\/p>\n<p>Robert Fothergill: Das Dershowitz-Protokoll. Regie: Klaus Weise.<\/p>\n<p>Bonn \u2013 15.5.2008<\/p>\n<p>&nbsp;<\/p>\n<p>Feridun Zaimoglu: Schattenstimmen. UA. Regie: Nora Bussenius.<\/p>\n<p>K\u00f6ln \u2013 23.4.2008<\/p>\n<p>&nbsp;<\/p>\n<p>Alvis Hermanis: K\u00f6lner Aff\u00e4re. Theaterprojekt. Regie: Karin Beier.<\/p>\n<p>K\u00f6ln \u2013 9.4.2008<\/p>\n<p>&nbsp;<\/p>\n<p>Moliere: Der Menschenfeind. Regie: Karin Henkel. und<\/p>\n<p>Ich bin Hamlet. Nach Shakespeare. Regie: Laurent Chetouanne.<\/p>\n<p>[Zwei Kritiken in e. Artikel] Theater K\u00f6ln \u2013 6.2.2008<\/p>\n<p>&nbsp;<\/p>\n<p>Stefan Kaegi: Kargo \u2013 Sofia \u2013 K\u00f6ln. Eine simulierte Reise mit dem Truck. Theaterprojekt in K\u00f6ln \u2013 18.1.2008<\/p>\n<p>&nbsp;<\/p>\n<p>&nbsp;<\/p>\n<p><strong>\u00a0<\/strong><\/p>\n<p><strong>\u00a0<\/strong><\/p>\n<p><strong>2007<\/strong><\/p>\n<p><strong>\u00a0<\/strong><\/p>\n<p><strong>Westf\u00e4lischer Anzeiger<\/strong><\/p>\n<p><strong>\u00a0<\/strong><\/p>\n<p>Yasmina Reza: Der Gott des Gemetzels. Regie Karin Beier. K\u00f6ln \u2013 12.12.2007<\/p>\n<p>&nbsp;<\/p>\n<p>Jack Kerouac: Beat Generation. Roman. Regie J\u00fcrgen Kruse. K\u00f6ln \u2013 19.12.2007<\/p>\n<p>&nbsp;<\/p>\n<p>SheShePop: Die Relevanz-Show. Festival Impulse K\u00f6ln \u2013 23.11.2007<\/p>\n<p>&nbsp;<\/p>\n<p>Karin Beiers Start als Intendantin in K\u00f6ln: Nibelungen in der Regie von Karin Beier, Fortlandia in der Regie von Tom K\u00fchnel, Die Erscheinungen der Martha Rubin. K\u00fcnstlergruppe Signa. K\u00f6ln 18.10.2007<\/p>\n<p>&nbsp;<\/p>\n<p>Shakespeare: Troilus und Cressida. Regie Marc G\u00fcnther. K\u00f6ln \u2013 1.2.2007<\/p>\n<p>&nbsp;<\/p>\n<p>Anthony Neilson: Realismus. Regie Patricia Benecke. DE. Bonn \u2013 21.9.2007<\/p>\n<p>&nbsp;<\/p>\n<p>Neil LaBute: Helter Skelter. Regie: Jens Kerbel, Stefan Heisecke, Jennifer Whigham. UA. Bonn \u2013 1.3.2007<\/p>\n<p>&nbsp;<\/p>\n<p><strong>\u00a0<\/strong><\/p>\n<p><strong>2006<\/strong><\/p>\n<p><strong>\u00a0<\/strong><\/p>\n<p><strong>Westf\u00e4lischer Anzeiger<\/strong><\/p>\n<p><strong>\u00a0<\/strong><\/p>\n<p>Daniel Cremer: Eva. Das intrigante St\u00fcck. Regie Daniel Cremer. UA.<\/p>\n<p>K\u00f6ln \u2013 10.10.2006<\/p>\n<p>&nbsp;<\/p>\n<p>Lessing: Nathan der Weise. Und der Film The Believer.<\/p>\n<p>Regie Du\u0161an David Parizek. K\u00f6ln \u2013 19.10.2006<\/p>\n<p>&nbsp;<\/p>\n<p>Bonner Biennale. Indien. Bonn \u2013 20.5.2006<\/p>\n<p>&nbsp;<\/p>\n<p>Bonner Kulturpolitik \u2013 13.5.2006 (auch unter dem Titel \u201eBald Theaterprovinz? Sparvisionen bei der Bonner Kultur im Magazin Senior Aktiv, 6.\/7.2006)<\/p>\n<p>&nbsp;<\/p>\n<p>Marius von Mayenburg: Eldorado. Regie Christoph Frick. UA.<\/p>\n<p>K\u00f6ln \u2013 17.3.2006<\/p>\n<p>&nbsp;<\/p>\n<p>Lessing: Emilia Galotti. Regie Du\u0161an David Parizek. K\u00f6ln \u2013 Im Februar 2006<\/p>\n<p>&nbsp;<\/p>\n<p>Brecht: Die Dreigroschenoper. Regie Thirza Bruncken. Bonn \u2013 25.1.2006<\/p>\n<p>&nbsp;<\/p>\n<p>Neil LaBute: Wie es so l\u00e4uft. Regie Klaus Weise. DE. Bonn- 10.5.2006<\/p>\n<p>&nbsp;<\/p>\n<p>Maracana. Tanz-Spektakel zum Thema Fu\u00dfball. Choreographie:<\/p>\n<p>Deborak Colker. K\u00f6ln \u2013 11.2.2006<\/p>\n<p>&nbsp;<\/p>\n<p>Sartre: Die schmutzigen H\u00e4nde. Regie Albrecht Hirche. Im Januar 2006<\/p>\n<p>&nbsp;<\/p>\n<p>&nbsp;<\/p>\n<p>&nbsp;<\/p>\n<p><strong>Frankfurter Allgemeine Zeitung<\/strong><\/p>\n<p><strong>\u00a0<\/strong><\/p>\n<p>Ariel Dorfmann: Das Ged\u00e4chtnis der W\u00fcste. Meine Reise durch den Norden Chiles.<\/p>\n<p>19.1.2006<\/p>\n<p>&nbsp;<\/p>\n<p><strong>\u00a0<\/strong><\/p>\n<p><strong>2005<\/strong><\/p>\n<p>&nbsp;<\/p>\n<p><strong>Westf\u00e4lischer Anzeiger<\/strong><\/p>\n<p><strong>\u00a0<\/strong><\/p>\n<p>Schnitzler Projekt. Regie Lukas Holzhausen. K\u00f6ln \u2013 2.11.2005<\/p>\n<p>(auch in der Rhein-Zeitung am 28.10.2005)<\/p>\n<p><strong>\u00a0<\/strong><\/p>\n<p>Anja Hilling: Monsun. Regie Jasper Brandis. K\u00f6ln \u2013 9.11.2005<\/p>\n<p>(auch in der Rhein-Zeitung am 8.10.2005)<\/p>\n<p>&nbsp;<\/p>\n<p>Schiller: Kabale und Liebe. Regie Matthias Kaschig. Bonn- 7.10.2005<\/p>\n<p>&nbsp;<\/p>\n<p>Shakespeare: Der Kaufmann von Venedig. Regie Michael Talke. K\u00f6ln 27.9.2005 (auch in der Rheinzeitung am 27.9.2005<\/p>\n<p>&nbsp;<\/p>\n<p>Lukas B\u00e4rfuss: Der Bus. Regie Heike Frank. K\u00f6ln \u2013 4.7.2005<\/p>\n<p>&nbsp;<\/p>\n<p>Ibsen: Die Wildente. Regie Armin Petras. K\u00f6ln \u2013 16.6.2005<\/p>\n<p>&nbsp;<\/p>\n<p>Tschechow: Die M\u00f6we. Regie G\u00fcnter Kr\u00e4mer. K\u00f6ln \u2013 26.4.2005<\/p>\n<p>&nbsp;<\/p>\n<p>George Tabori: Mutters Courage. Regie Torsten Fischer. K\u00f6ln &#8211; 13.4.2005<\/p>\n<p>&nbsp;<\/p>\n<p>Schiller: Die R\u00e4uber. Regie Du\u0161an David Parizek. K\u00f6ln \u2013 18.3.2005<\/p>\n<p>&nbsp;<\/p>\n<p>&nbsp;<\/p>\n<p>&nbsp;<\/p>\n<p><strong>General-Anzeiger<\/strong><\/p>\n<p>&nbsp;<\/p>\n<p>Christian Schr\u00f6der Hildegard Knef. Biografie. Aufbau Verlag. 10.3.2005<\/p>\n<p>&nbsp;<\/p>\n<p>&nbsp;<\/p>\n<p><strong>Frankfurter Allgemeine Zeitung <\/strong><\/p>\n<p><strong>\u00a0<\/strong><\/p>\n<p>Amelia Earhart: 20 Std., 40 Minuten. Mein erster Flug \u00fcber den Atlantik. Frederking &amp; Thaler.3.3.2005<\/p>\n<p>&nbsp;<\/p>\n<p>Christiane Bird: Tausend Tr\u00e4nen, tausend Hoffnungen \u2013 Reisen durch Kurdistan.<\/p>\n<p>Frederking &amp; Thaler. 24.2.2005<\/p>\n<p>&nbsp;<\/p>\n<p>&nbsp;<\/p>\n<p>&nbsp;<\/p>\n<p>&nbsp;<\/p>\n<p>&nbsp;<\/p>\n<p>&nbsp;<\/p>\n<p><strong>2004<\/strong><\/p>\n<p>&nbsp;<\/p>\n<p><strong>Frankfurter Allgemeine Zeitung<\/strong><\/p>\n<p>&nbsp;<\/p>\n<p>Fritz Pleitgen \/ Annette Dittert: Der stille Bug. 27.12.2004<\/p>\n<p>&nbsp;<\/p>\n<p>&nbsp;<\/p>\n<p>&nbsp;<\/p>\n<p>&nbsp;<\/p>\n<p><strong>\u00a0<\/strong><\/p>\n<p>&nbsp;<\/p>\n<p>&nbsp;<\/p>\n<p>&nbsp;<\/p>\n<p>&nbsp;<\/p>\n<p><strong>\u00a0<\/strong><\/p>\n<p><strong>\u00a0<\/strong><\/p>\n<p>&nbsp;<\/p>\n<p>&nbsp;<\/p>\n<p>&nbsp;<\/p>\n<p>[\/et_pb_text][\/et_pb_column][\/et_pb_row][et_pb_row _builder_version=&#8221;4.16&#8243; background_size=&#8221;initial&#8221; background_position=&#8221;top_left&#8221; background_repeat=&#8221;repeat&#8221; global_colors_info=&#8221;{}&#8221;][et_pb_column type=&#8221;4_4&#8243; _builder_version=&#8221;4.16&#8243; custom_padding=&#8221;|||&#8221; global_colors_info=&#8221;{}&#8221; custom_padding__hover=&#8221;|||&#8221;][et_pb_divider color=&#8221;#bcbcbc&#8221; disabled_on=&#8221;on|on|off&#8221; _builder_version=&#8221;4.16&#8243; height=&#8221;20px&#8221; hide_on_mobile=&#8221;on&#8221; global_colors_info=&#8221;{}&#8221;][\/et_pb_divider][\/et_pb_column][\/et_pb_row][\/et_pb_section][et_pb_section fb_built=&#8221;1&#8243; custom_padding_last_edited=&#8221;on|desktop&#8221; admin_label=&#8221;section&#8221; _builder_version=&#8221;4.16&#8243; background_color=&#8221;#444588&#8243; custom_padding_tablet=&#8221;50px|0|50px|0&#8243; custom_padding_phone=&#8221;&#8221; transparent_background=&#8221;off&#8221; padding_mobile=&#8221;off&#8221; make_fullwidth=&#8221;off&#8221; use_custom_width=&#8221;off&#8221; width_unit=&#8221;on&#8221; global_colors_info=&#8221;{}&#8221;][et_pb_row column_structure=&#8221;1_3,1_3,1_3&#8243; admin_label=&#8221;row&#8221; _builder_version=&#8221;4.16&#8243; background_size=&#8221;initial&#8221; background_position=&#8221;top_left&#8221; background_repeat=&#8221;repeat&#8221; global_colors_info=&#8221;{}&#8221;][et_pb_column type=&#8221;1_3&#8243; _builder_version=&#8221;4.16&#8243; custom_padding=&#8221;|||&#8221; global_colors_info=&#8221;{}&#8221; custom_padding__hover=&#8221;|||&#8221;][et_pb_text _builder_version=&#8221;4.16&#8243; background_size=&#8221;initial&#8221; background_position=&#8221;top_left&#8221; background_repeat=&#8221;repeat&#8221; background_layout=&#8221;dark&#8221; use_border_color=&#8221;off&#8221; border_color=&#8221;#ffffff&#8221; border_style=&#8221;solid&#8221; global_colors_info=&#8221;{}&#8221;]<\/p>\n<h2>Kontaktieren Sie mich!<\/h2>\n<p>[\/et_pb_text][\/et_pb_column][et_pb_column type=&#8221;1_3&#8243; _builder_version=&#8221;4.16&#8243; custom_padding=&#8221;|||&#8221; global_colors_info=&#8221;{}&#8221; custom_padding__hover=&#8221;|||&#8221;][et_pb_text _builder_version=&#8221;4.16&#8243; background_size=&#8221;initial&#8221; background_position=&#8221;top_left&#8221; background_repeat=&#8221;repeat&#8221; background_layout=&#8221;dark&#8221; use_border_color=&#8221;off&#8221; border_color=&#8221;#ffffff&#8221; border_style=&#8221;solid&#8221; global_colors_info=&#8221;{}&#8221;]<\/p>\n<div class=\"et_pb_text et_pb_module et_pb_bg_layout_dark et_pb_text_align_left et_pb_text_13\">\n<div class=\"et_pb_text et_pb_module et_pb_bg_layout_dark et_pb_text_align_left et_pb_text_13\"><strong>Eva Sch\u00e4fers<br \/><\/strong>Journalistin<\/div>\n<div class=\"et_pb_text et_pb_module et_pb_bg_layout_dark et_pb_text_align_left et_pb_text_13\"><span style=\"color: #999999;\"> Mobil: 0 172 311 69 62<\/span><br \/><span style=\"color: #999999;\"> Email:<\/span> <strong><a href=\"mailto:info@eva-schaefers.de\">info@eva-schaefers.de<\/a><\/strong><\/div>\n<\/div>\n<p>[\/et_pb_text][\/et_pb_column][et_pb_column type=&#8221;1_3&#8243; _builder_version=&#8221;4.16&#8243; custom_padding=&#8221;|||&#8221; global_colors_info=&#8221;{}&#8221; custom_padding__hover=&#8221;|||&#8221;][et_pb_cta button_url=&#8221;http:\/\/www.eva-schaefers.de\/index.php\/kontakt\/&#8221; button_text=&#8221;Zum Kontaktformular&#8221; admin_label=&#8221;Call To Action&#8221; _builder_version=&#8221;4.16&#8243; use_background_color=&#8221;off&#8221; background_size=&#8221;initial&#8221; background_position=&#8221;top_left&#8221; background_repeat=&#8221;repeat&#8221; custom_button=&#8221;on&#8221; button_text_color=&#8221;#7f9831&#8243; button_border_color=&#8221;#7f9831&#8243; text_orientation=&#8221;left&#8221; background_layout=&#8221;light&#8221; use_border_color=&#8221;off&#8221; border_color=&#8221;#ffffff&#8221; border_style=&#8221;solid&#8221; button_border_radius_hover=&#8221;3&#8243; button_letter_spacing_hover=&#8221;0&#8243; global_colors_info=&#8221;{}&#8221; button_text_size__hover_enabled=&#8221;off&#8221; button_one_text_size__hover_enabled=&#8221;off&#8221; button_two_text_size__hover_enabled=&#8221;off&#8221; button_text_color__hover_enabled=&#8221;off&#8221; button_one_text_color__hover_enabled=&#8221;off&#8221; button_two_text_color__hover_enabled=&#8221;off&#8221; button_border_width__hover_enabled=&#8221;off&#8221; button_one_border_width__hover_enabled=&#8221;off&#8221; button_two_border_width__hover_enabled=&#8221;off&#8221; button_border_color__hover_enabled=&#8221;off&#8221; button_one_border_color__hover_enabled=&#8221;off&#8221; button_two_border_color__hover_enabled=&#8221;off&#8221; button_border_radius__hover_enabled=&#8221;on&#8221; button_border_radius__hover=&#8221;3&#8243; button_one_border_radius__hover_enabled=&#8221;off&#8221; button_two_border_radius__hover_enabled=&#8221;off&#8221; button_letter_spacing__hover_enabled=&#8221;on&#8221; button_letter_spacing__hover=&#8221;0&#8243; button_one_letter_spacing__hover_enabled=&#8221;off&#8221; button_two_letter_spacing__hover_enabled=&#8221;off&#8221; button_bg_color__hover_enabled=&#8221;off&#8221; button_one_bg_color__hover_enabled=&#8221;off&#8221; button_two_bg_color__hover_enabled=&#8221;off&#8221;][\/et_pb_cta][\/et_pb_column][\/et_pb_row][\/et_pb_section]<\/p>\n","protected":false},"excerpt":{"rendered":"<p>&nbsp; &nbsp; &nbsp; &nbsp; &nbsp; 2026 General-Anzeiger Bonn Steven Uhly: Death Valley. Roman. Secession \u2013 Journal, 31.1.\/1.2.2026 Die Zeit Colin Barrett: Wilde H\u00e4user. Roman. Steidl \u2013 erscheint demn\u00e4chst 2025 General-Anzeiger Bonn * Hilmar Klute: Im Traum suche ich immer das Weite \u2013 \u00a014.\/14.9.2025 Juan Pablo Villalobos: Das Alibi \u2013 6.\/.9.2025 William Middleton: Paradise Now. Das [&hellip;]<\/p>\n","protected":false},"author":2,"featured_media":0,"parent":0,"menu_order":0,"comment_status":"closed","ping_status":"closed","template":"","meta":{"_et_pb_use_builder":"on","_et_pb_old_content":"","_et_gb_content_width":"","footnotes":""},"class_list":["post-409","page","type-page","status-publish","hentry"],"_links":{"self":[{"href":"https:\/\/www.eva-schaefers.de\/index.php\/wp-json\/wp\/v2\/pages\/409","targetHints":{"allow":["GET"]}}],"collection":[{"href":"https:\/\/www.eva-schaefers.de\/index.php\/wp-json\/wp\/v2\/pages"}],"about":[{"href":"https:\/\/www.eva-schaefers.de\/index.php\/wp-json\/wp\/v2\/types\/page"}],"author":[{"embeddable":true,"href":"https:\/\/www.eva-schaefers.de\/index.php\/wp-json\/wp\/v2\/users\/2"}],"replies":[{"embeddable":true,"href":"https:\/\/www.eva-schaefers.de\/index.php\/wp-json\/wp\/v2\/comments?post=409"}],"version-history":[{"count":79,"href":"https:\/\/www.eva-schaefers.de\/index.php\/wp-json\/wp\/v2\/pages\/409\/revisions"}],"predecessor-version":[{"id":3317,"href":"https:\/\/www.eva-schaefers.de\/index.php\/wp-json\/wp\/v2\/pages\/409\/revisions\/3317"}],"wp:attachment":[{"href":"https:\/\/www.eva-schaefers.de\/index.php\/wp-json\/wp\/v2\/media?parent=409"}],"curies":[{"name":"wp","href":"https:\/\/api.w.org\/{rel}","templated":true}]}}